{"id":1617,"date":"2019-07-23T13:38:11","date_gmt":"2019-07-23T13:38:11","guid":{"rendered":"https:\/\/esquare.ro\/site\/?page_id=1617"},"modified":"2025-03-18T11:43:36","modified_gmt":"2025-03-18T11:43:36","slug":"suport-it-complementar","status":"publish","type":"page","link":"https:\/\/esquare.ro\/site\/servicii-it\/suport-it-complementar\/","title":{"rendered":"Suport IT complementar"},"content":{"rendered":"<p>[et_pb_section fb_built=&#8221;1&#8243; _builder_version=&#8221;4.27.4&#8243; hover_enabled=&#8221;0&#8243; global_colors_info=&#8221;{}&#8221; background_color=&#8221;#f0efef&#8221; sticky_enabled=&#8221;0&#8243;][et_pb_row _builder_version=&#8221;4.16&#8243; global_colors_info=&#8221;{}&#8221;][et_pb_column type=&#8221;4_4&#8243; _builder_version=&#8221;4.16&#8243; global_colors_info=&#8221;{}&#8221;][et_pb_text _builder_version=&#8221;4.16&#8243; text_text_align=&#8221;right&#8221; global_colors_info=&#8221;{}&#8221;]<\/p>\n<h1>Suport IT complementar<\/h1>\n<p>[\/et_pb_text][\/et_pb_column][\/et_pb_row][et_pb_row _builder_version=&#8221;4.27.4&#8243; custom_margin=&#8221;||5vh||false|false&#8221; global_colors_info=&#8221;{}&#8221;][et_pb_column type=&#8221;4_4&#8243; _builder_version=&#8221;4.16&#8243; global_colors_info=&#8221;{}&#8221;][et_pb_text _builder_version=&#8221;4.27.4&#8243; text_font_size=&#8221;18px&#8221; header_font=&#8221;||||||||&#8221; header_font_size=&#8221;2em&#8221; header_line_height=&#8221;1.6em&#8221; text_orientation=&#8221;justified&#8221; global_colors_info=&#8221;{}&#8221;]<\/p>\n<p>Dac\u0103 ai un departament IT \u0219i ai nevoie de mai mult\u0103 for\u021b\u0103 de munc\u0103, putem completa \u0219i extinde personalul t\u0103u, cu speciali\u0219ti de nivel avansat, pentru mentenan\u021b\u0103 regulat\u0103 sau proiecte punctuale, dup\u0103 cum este necesar.<\/p>\n<p>O opinie \u201cout of the box\u201d venit\u0103 de la un specialist IT, ajut\u0103 la cre\u0219terea productivit\u0103\u021bii pe care o a\u0219tep\u021bi de la infrastructura ta hardware \u0219i software.<\/p>\n<p>Putem oferi \u0219i suport primar, de la asamblarea, instalares \u0219i punerea \u00een func\u021biune a echipamentelor hardware, instalarea sistemului de operare, a aplica\u021biilor software \u0219i p\u00e2n\u0103 la structuri complexe de servere, Windows Domains, virtualizare, VPN, etc.<\/p>\n<p>[\/et_pb_text][\/et_pb_column][\/et_pb_row][et_pb_row column_structure=&#8221;3_4,1_4&#8243; _builder_version=&#8221;4.19.5&#8243; _module_preset=&#8221;default&#8221; custom_padding=&#8221;||5vh||false|false&#8221; global_colors_info=&#8221;{}&#8221;][et_pb_column type=&#8221;3_4&#8243; _builder_version=&#8221;4.17.4&#8243; _module_preset=&#8221;default&#8221; global_colors_info=&#8221;{}&#8221;][et_pb_text _builder_version=&#8221;4.17.4&#8243; _module_preset=&#8221;default&#8221; header_3_font=&#8221;|600|||||||&#8221; text_orientation=&#8221;justified&#8221; global_colors_info=&#8221;{}&#8221;]<\/p>\n<h3>Acoperire \u00een afara orelor de program<\/h3>\n<p>Oferim acoperire \u00een afara orelor de lucru standard, de la distan\u021b\u0103 sau la fa\u021ba locului atunci c\u00e2nd echipa dvs. nu este disponibil\u0103, ajut\u00e2ndu-v\u0103 s\u0103 evita\u021bi cheltuielile generale legate de angajarea de personal suplimentar. V\u0103 vom sprijini utilizatorii finali la ora care le convine \u2013 perfect pentru lucr\u0103torii \u00een ture, cei care \u00eencep devreme \u0219i personalul care lucreaz\u0103 noaptea t\u00e2rziu.<\/p>\n<p>[\/et_pb_text][\/et_pb_column][et_pb_column type=&#8221;1_4&#8243; _builder_version=&#8221;4.17.4&#8243; _module_preset=&#8221;default&#8221; global_colors_info=&#8221;{}&#8221;][et_pb_icon font_icon=&#8221;&#xf4fd;||fa||900&#8243; disabled_on=&#8221;on|off|off&#8221; _builder_version=&#8221;4.27.4&#8243; _module_preset=&#8221;default&#8221; custom_margin=&#8221;3vh||||false|false&#8221; global_colors_info=&#8221;{}&#8221;][\/et_pb_icon][\/et_pb_column][\/et_pb_row][et_pb_row column_structure=&#8221;1_4,3_4&#8243; _builder_version=&#8221;4.27.4&#8243; _module_preset=&#8221;default&#8221; custom_padding=&#8221;||5vh||false|false&#8221; global_colors_info=&#8221;{}&#8221;][et_pb_column type=&#8221;1_4&#8243; _builder_version=&#8221;4.17.4&#8243; _module_preset=&#8221;default&#8221; global_colors_info=&#8221;{}&#8221;][et_pb_icon font_icon=&#8221;&#xf4de;||fa||900&#8243; _builder_version=&#8221;4.27.4&#8243; _module_preset=&#8221;default&#8221; custom_margin=&#8221;3vh||||false|false&#8221; global_colors_info=&#8221;{}&#8221;][\/et_pb_icon][\/et_pb_column][et_pb_column type=&#8221;3_4&#8243; _builder_version=&#8221;4.17.4&#8243; _module_preset=&#8221;default&#8221; global_colors_info=&#8221;{}&#8221;][et_pb_text _builder_version=&#8221;4.17.4&#8243; _module_preset=&#8221;default&#8221; header_3_font=&#8221;|600|||||||&#8221; text_orientation=&#8221;justified&#8221; global_colors_info=&#8221;{}&#8221;]<\/p>\n<h3>Compensare de overflow<\/h3>\n<p>Departamentele IT pot experimenta fluctua\u021bii uria\u0219e \u00een volumul solicit\u0103rilor de asisten\u021b\u0103 \u00een anumite perioade de timp. Vom lucra ca o extensie a echipei IT interne \u00een perioadele cu \u00eenc\u0103rcare mare, contribuind la reducerea timpilor de a\u0219teptare \u0219i a celor de rezolvare.<\/p>\n<p>[\/et_pb_text][\/et_pb_column][\/et_pb_row][et_pb_row column_structure=&#8221;3_4,1_4&#8243; _builder_version=&#8221;4.17.4&#8243; _module_preset=&#8221;default&#8221; custom_padding=&#8221;||5vh||false|false&#8221; global_colors_info=&#8221;{}&#8221;][et_pb_column type=&#8221;3_4&#8243; _builder_version=&#8221;4.17.4&#8243; _module_preset=&#8221;default&#8221; global_colors_info=&#8221;{}&#8221;][et_pb_text _builder_version=&#8221;4.17.4&#8243; _module_preset=&#8221;default&#8221; header_3_font=&#8221;|600|||||||&#8221; text_orientation=&#8221;justified&#8221; global_colors_info=&#8221;{}&#8221;]<\/p>\n<h3>Suport de urgen\u021b\u0103<\/h3>\n<p>Fie c\u0103 este vorba despre o urgen\u021b\u0103 critic\u0103 pentru afaceri (cum ar fi defec\u021biunea serverului, \u00eenlocuirea urgent\u0103 a unui router) care necesit\u0103 asisten\u021b\u0103 urgent\u0103 de la distan\u021b\u0103 sau o vizit\u0103 rapid\u0103 la fa\u021ba locului, suntem aici pentru a v\u0103 ajuta s\u0103 v\u0103 reporni\u021bi rapid infrastructura IT \u0219i s\u0103 func\u021biona\u021bi din nou la capacitate maxim\u0103.<\/p>\n<p>[\/et_pb_text][\/et_pb_column][et_pb_column type=&#8221;1_4&#8243; _builder_version=&#8221;4.17.4&#8243; _module_preset=&#8221;default&#8221; global_colors_info=&#8221;{}&#8221;][et_pb_icon font_icon=&#8221;&#xf590;||fa||900&#8243; _builder_version=&#8221;4.27.4&#8243; _module_preset=&#8221;default&#8221; custom_margin=&#8221;3vh||||false|false&#8221; global_colors_info=&#8221;{}&#8221;][\/et_pb_icon][\/et_pb_column][\/et_pb_row][et_pb_row column_structure=&#8221;1_4,3_4&#8243; _builder_version=&#8221;4.27.4&#8243; _module_preset=&#8221;default&#8221; custom_padding=&#8221;||5vh||false|false&#8221; global_colors_info=&#8221;{}&#8221;][et_pb_column type=&#8221;1_4&#8243; _builder_version=&#8221;4.17.4&#8243; _module_preset=&#8221;default&#8221; global_colors_info=&#8221;{}&#8221;][et_pb_icon font_icon=&#8221;&#xf2a7;||fa||900&#8243; _builder_version=&#8221;4.27.4&#8243; _module_preset=&#8221;default&#8221; custom_margin=&#8221;3vh||||false|false&#8221; global_colors_info=&#8221;{}&#8221;][\/et_pb_icon][\/et_pb_column][et_pb_column type=&#8221;3_4&#8243; _builder_version=&#8221;4.17.4&#8243; _module_preset=&#8221;default&#8221; global_colors_info=&#8221;{}&#8221;][et_pb_text _builder_version=&#8221;4.17.4&#8243; _module_preset=&#8221;default&#8221; header_3_font=&#8221;|600|||||||&#8221; text_orientation=&#8221;justified&#8221; global_colors_info=&#8221;{}&#8221;]<\/p>\n<h3>For\u021b\u0103 de munc\u0103 suplimentar\u0103<\/h3>\n<p>Pentru proiecte punctuale, \u00een care nu este nevoie de speciali\u0219ti angajati pe termen lung, putem oferi at\u00e2t for\u021b\u0103 de munc\u0103 suplimentar\u0103 cu personal specializat, c\u00e2t \u0219i resurse tehnice pentru lansarea proiectelor, cum ar fi upgrade-uri, extinderi temporare, instal\u0103ri, relocari, etc.<\/p>\n<p>[\/et_pb_text][\/et_pb_column][\/et_pb_row][et_pb_row column_structure=&#8221;3_4,1_4&#8243; _builder_version=&#8221;4.27.4&#8243; _module_preset=&#8221;default&#8221; global_colors_info=&#8221;{}&#8221;][et_pb_column type=&#8221;3_4&#8243; _builder_version=&#8221;4.17.4&#8243; _module_preset=&#8221;default&#8221; global_colors_info=&#8221;{}&#8221;][et_pb_text _builder_version=&#8221;4.17.4&#8243; _module_preset=&#8221;default&#8221; header_3_font=&#8221;|600|||||||&#8221; text_orientation=&#8221;justified&#8221; global_colors_info=&#8221;{}&#8221;]<\/p>\n<h3>Suport pentru loca\u021bii la distan\u021b\u0103<\/h3>\n<p>Este posibil s\u0103 ave\u021bi mai multe birouri, iar echipa dvs. IT s\u0103 aib\u0103 sediul \u00eentr-o singur\u0103 loca\u021bie. Putem oferi suport IT \u0219i resurse tehnice, echipamente, inclusiv vizite la fa\u021ba locului \u00een loca\u021bii la distan\u021b\u0103 \u0219i birouri satelit, pentru a ajuta la remedierea problemelor care nu pot fi rezolvate de la distan\u021b\u0103 de c\u0103tre echipa dvs.<\/p>\n<p>[\/et_pb_text][\/et_pb_column][et_pb_column type=&#8221;1_4&#8243; _builder_version=&#8221;4.17.4&#8243; _module_preset=&#8221;default&#8221; global_colors_info=&#8221;{}&#8221;][et_pb_icon font_icon=&#8221;&#xe066;||fa||900&#8243; _builder_version=&#8221;4.27.4&#8243; _module_preset=&#8221;default&#8221; custom_margin=&#8221;3vh||||false|false&#8221; global_colors_info=&#8221;{}&#8221;][\/et_pb_icon][\/et_pb_column][\/et_pb_row][\/et_pb_section][et_pb_section fb_built=&#8221;1&#8243; _builder_version=&#8221;4.27.4&#8243; _module_preset=&#8221;default&#8221; background_enable_color=&#8221;off&#8221; use_background_color_gradient=&#8221;on&#8221; background_color_gradient_stops=&#8221;#f0efef 0%|#d6d6d6 100%&#8221; custom_margin=&#8221;||0px||false|false&#8221; custom_padding=&#8221;10vh||0px||false|false&#8221; saved_tabs=&#8221;all&#8221; global_colors_info=&#8221;{}&#8221; global_module=&#8221;2246&#8243; theme_builder_area=&#8221;post_content&#8221;][et_pb_row column_structure=&#8221;1_4,3_4&#8243; use_custom_gutter=&#8221;on&#8221; gutter_width=&#8221;1&#8243; make_equal=&#8221;on&#8221; _builder_version=&#8221;4.27.4&#8243; _module_preset=&#8221;default&#8221; global_colors_info=&#8221;{}&#8221; theme_builder_area=&#8221;post_content&#8221;][et_pb_column type=&#8221;1_4&#8243; _builder_version=&#8221;4.27.4&#8243; _module_preset=&#8221;default&#8221; global_colors_info=&#8221;{}&#8221; theme_builder_area=&#8221;post_content&#8221;][et_pb_image src=&#8221;https:\/\/esquare.ro\/site\/wp-content\/uploads\/esq-grey.png&#8221; title_text=&#8221;esq-grey&#8221; align=&#8221;center&#8221; _builder_version=&#8221;4.27.4&#8243; _module_preset=&#8221;default&#8221; global_colors_info=&#8221;{}&#8221; theme_builder_area=&#8221;post_content&#8221;][\/et_pb_image][\/et_pb_column][et_pb_column type=&#8221;3_4&#8243; _builder_version=&#8221;4.27.4&#8243; _module_preset=&#8221;default&#8221; global_colors_info=&#8221;{}&#8221; theme_builder_area=&#8221;post_content&#8221;][et_pb_text _builder_version=&#8221;4.27.4&#8243; _module_preset=&#8221;default&#8221; text_text_color=&#8221;#666666&#8243; text_font_size=&#8221;12px&#8221; text_line_height=&#8221;1.5em&#8221; custom_padding=&#8221;1.5rem|||1rem|false|false&#8221; custom_css_main_element=&#8221;float:right;&#8221; global_colors_info=&#8221;{}&#8221; theme_builder_area=&#8221;post_content&#8221;]<\/p>\n<p>Creat \u0219i g\u0103zduit de<\/p>\n<p><span style=\"font-size: 18px; color: #444444;\">ESQ by ESQUARE<\/span><br \/>simple hosting solutions<\/p>\n<p>[\/et_pb_text][et_pb_text _builder_version=&#8221;4.27.4&#8243; _module_preset=&#8221;default&#8221; text_font_size=&#8221;14px&#8221; text_line_height=&#8221;1.5em&#8221; global_colors_info=&#8221;{}&#8221; theme_builder_area=&#8221;post_content&#8221;]<\/p>\n<p>Str. Matei Basarab Nr. 85,<br \/>Bl. L119bis, Sc. A, Ap. 1, Parter, Sector 3, Bucure\u0219ti<\/p>\n<p>(+4) <strong>031 420 4430<\/strong><br \/>esquare@esquare.ro<\/p>\n<p>[\/et_pb_text][\/et_pb_column][\/et_pb_row][\/et_pb_section]<\/p>\n","protected":false},"excerpt":{"rendered":"<p>Suport IT complementarDac\u0103 ai un departament IT \u0219i ai nevoie de mai mult\u0103 for\u021b\u0103 de munc\u0103, putem completa \u0219i extinde personalul t\u0103u, cu speciali\u0219ti de nivel avansat, pentru mentenan\u021b\u0103 regulat\u0103 sau proiecte punctuale, dup\u0103 cum este necesar. O opinie \u201cout of the box\u201d venit\u0103 de la un specialist IT, ajut\u0103 la cre\u0219terea productivit\u0103\u021bii pe care [&hellip;]<\/p>\n","protected":false},"author":1,"featured_media":0,"parent":67,"menu_order":2,"comment_status":"closed","ping_status":"closed","template":"","meta":{"_et_pb_use_builder":"on","_et_pb_old_content":"","_et_gb_content_width":"","footnotes":""},"class_list":["post-1617","page","type-page","status-publish","hentry"],"_links":{"self":[{"href":"https:\/\/esquare.ro\/site\/wp-json\/wp\/v2\/pages\/1617","targetHints":{"allow":["GET"]}}],"collection":[{"href":"https:\/\/esquare.ro\/site\/wp-json\/wp\/v2\/pages"}],"about":[{"href":"https:\/\/esquare.ro\/site\/wp-json\/wp\/v2\/types\/page"}],"author":[{"embeddable":true,"href":"https:\/\/esquare.ro\/site\/wp-json\/wp\/v2\/users\/1"}],"replies":[{"embeddable":true,"href":"https:\/\/esquare.ro\/site\/wp-json\/wp\/v2\/comments?post=1617"}],"version-history":[{"count":0,"href":"https:\/\/esquare.ro\/site\/wp-json\/wp\/v2\/pages\/1617\/revisions"}],"up":[{"embeddable":true,"href":"https:\/\/esquare.ro\/site\/wp-json\/wp\/v2\/pages\/67"}],"wp:attachment":[{"href":"https:\/\/esquare.ro\/site\/wp-json\/wp\/v2\/media?parent=1617"}],"curies":[{"name":"wp","href":"https:\/\/api.w.org\/{rel}","templated":true}]}}